{"id":1055,"date":"2025-02-14T23:12:19","date_gmt":"2025-02-14T22:12:19","guid":{"rendered":"https:\/\/muckelchen-mainz.de\/index.php\/about\/"},"modified":"2025-03-25T09:29:07","modified_gmt":"2025-03-25T08:29:07","slug":"tragen-stillen-beikost-mainz","status":"publish","type":"page","link":"https:\/\/muckelchen-mainz.de\/?page_id=1055","title":{"rendered":"\u00dcber mich"},"content":{"rendered":"\t\t<div data-elementor-type=\"wp-page\" data-elementor-id=\"1055\" class=\"elementor elementor-1055\" data-elementor-post-type=\"page\">\n\t\t\t\t\t\t<section class=\"elementor-section elementor-top-section elementor-element elementor-element-47a011ca elementor-section-stretched elementor-section-boxed elementor-section-height-default elementor-section-height-default elementor-invisible\" data-id=\"47a011ca\" data-element_type=\"section\" data-e-type=\"section\" data-settings=\"{&quot;stretch_section&quot;:&quot;section-stretched&quot;,&quot;background_background&quot;:&quot;gradient&quot;,&quot;animation&quot;:&quot;fadeIn&quot;}\">\n\t\t\t\t\t\t\t<div class=\"elementor-background-overlay\"><\/div>\n\t\t\t\t\t\t\t<div class=\"elementor-container elementor-column-gap-default\">\n\t\t\t\t\t<div class=\"elementor-column elementor-col-50 elementor-top-column elementor-element elementor-element-7a695277\" data-id=\"7a695277\" data-element_type=\"column\" data-e-type=\"column\" data-settings=\"{&quot;background_background&quot;:&quot;classic&quot;}\">\n\t\t\t<div class=\"elementor-widget-wrap elementor-element-populated\">\n\t\t\t\t\t<div class=\"elementor-background-overlay\"><\/div>\n\t\t\t\t\t\t<div class=\"elementor-element elementor-element-c9802f8 elementor-widget-mobile__width-initial elementor-widget elementor-widget-image\" data-id=\"c9802f8\" data-element_type=\"widget\" data-e-type=\"widget\" data-widget_type=\"image.default\">\n\t\t\t\t<div class=\"elementor-widget-container\">\n\t\t\t\t\t\t\t\t\t\t\t\t\t\t\t<img fetchpriority=\"high\" decoding=\"async\" width=\"682\" height=\"1024\" src=\"https:\/\/muckelchen-mainz.de\/wp-content\/uploads\/2025\/03\/0225_0014-682x1024.jpg\" class=\"attachment-large size-large wp-image-1549\" alt=\"\u00dcber mich, Stillen Tragen Beikost in Mainz und Umgebung und Online, Tragen Stillen Beikost Mainz\" srcset=\"https:\/\/muckelchen-mainz.de\/wp-content\/uploads\/2025\/03\/0225_0014-682x1024.jpg 682w, https:\/\/muckelchen-mainz.de\/wp-content\/uploads\/2025\/03\/0225_0014-200x300.jpg 200w, https:\/\/muckelchen-mainz.de\/wp-content\/uploads\/2025\/03\/0225_0014-768x1153.jpg 768w, https:\/\/muckelchen-mainz.de\/wp-content\/uploads\/2025\/03\/0225_0014-1023x1536.jpg 1023w, https:\/\/muckelchen-mainz.de\/wp-content\/uploads\/2025\/03\/0225_0014-1364x2048.jpg 1364w, https:\/\/muckelchen-mainz.de\/wp-content\/uploads\/2025\/03\/0225_0014-scaled.jpg 1705w\" sizes=\"(max-width: 682px) 100vw, 682px\" \/>\t\t\t\t\t\t\t\t\t\t\t\t\t\t\t<\/div>\n\t\t\t\t<\/div>\n\t\t\t\t\t<\/div>\n\t\t<\/div>\n\t\t\t\t<div class=\"elementor-column elementor-col-50 elementor-top-column elementor-element elementor-element-5d5211da\" data-id=\"5d5211da\" data-element_type=\"column\" data-e-type=\"column\">\n\t\t\t<div class=\"elementor-widget-wrap elementor-element-populated\">\n\t\t\t\t\t\t<div class=\"elementor-element elementor-element-0be15ad elementor-widget elementor-widget-heading\" data-id=\"0be15ad\" data-element_type=\"widget\" data-e-type=\"widget\" data-widget_type=\"heading.default\">\n\t\t\t\t<div class=\"elementor-widget-container\">\n\t\t\t\t\t<h2 class=\"elementor-heading-title elementor-size-default\">\u00dcber mich \u2013 ehrlich, direkt und mit Herz<\/h2>\t\t\t\t<\/div>\n\t\t\t\t<\/div>\n\t\t\t\t<div class=\"elementor-element elementor-element-2158cb41 elementor-widget elementor-widget-text-editor\" data-id=\"2158cb41\" data-element_type=\"widget\" data-e-type=\"widget\" data-widget_type=\"text-editor.default\">\n\t\t\t\t<div class=\"elementor-widget-container\">\n\t\t\t\t\t\t\t\t\t<p data-start=\"430\" data-end=\"544\">Hey, ich bin Anna und seit 2018 begleite ich Eltern rund um Stillen, Tragen und Beikost rund um Mainz und online.<\/p><p data-start=\"430\" data-end=\"544\">Wenn ich mich mit einem Wort beschreiben m\u00fcsste, dann w\u00e4re es: <strong data-start=\"524\" data-end=\"541\">vielschichtig<\/strong>.<\/p><p data-start=\"546\" data-end=\"800\">Ich bin <strong data-start=\"554\" data-end=\"579\">hochgradig empathisch<\/strong>, aber manchmal auch <strong data-start=\"600\" data-end=\"614\">hitzk\u00f6pfig<\/strong>. Ich liebe <strong data-start=\"626\" data-end=\"647\">kreative L\u00f6sungen<\/strong>, aber Chaos und ich f\u00fchren eine sehr enge Beziehung. Ich bin <strong data-start=\"709\" data-end=\"725\">undogmatisch<\/strong>, aber stehe felsenfest hinter meinen Werten. Und einer dieser Werte ist:<\/p>\t\t\t\t\t\t\t\t<\/div>\n\t\t\t\t<\/div>\n\t\t\t\t<div class=\"elementor-element elementor-element-c6b4435 elementor-widget elementor-widget-heading\" data-id=\"c6b4435\" data-element_type=\"widget\" data-e-type=\"widget\" data-widget_type=\"heading.default\">\n\t\t\t\t<div class=\"elementor-widget-container\">\n\t\t\t\t\t<h2 class=\"elementor-heading-title elementor-size-default\">Jede Familie verdient Unterst\u00fctzung, die zu ihr passt \u2013 ohne Wenn und Aber.<\/h2>\t\t\t\t<\/div>\n\t\t\t\t<\/div>\n\t\t\t\t<div class=\"elementor-element elementor-element-d957a6e elementor-widget__width-initial elementor-widget elementor-widget-text-editor\" data-id=\"d957a6e\" data-element_type=\"widget\" data-e-type=\"widget\" data-widget_type=\"text-editor.default\">\n\t\t\t\t<div class=\"elementor-widget-container\">\n\t\t\t\t\t\t\t\t\t<p data-start=\"889\" data-end=\"1182\">Ich wei\u00df, wie es ist, inmitten von Babytrubel, Ratgebern und gut gemeinten Kommentaren zu stehen und sich trotzdem allein zu f\u00fchlen. Ich wei\u00df, wie es ist, wenn die Erwartungen von au\u00dfen sich anf\u00fchlen wie ein enges Korsett \u2013 dabei w\u00fcnschst Du Dir einfach Raum, um Euren eigenen Weg zu finden.<\/p><p data-start=\"1184\" data-end=\"1476\">Genau deshalb tue ich, was ich tue. <strong data-start=\"1220\" data-end=\"1270\">Ich m\u00f6chte Eltern st\u00e4rken, nicht verunsichern.<\/strong> Ich m\u00f6chte, dass Du nach einer Beratung nicht denkst: \u201eOh Gott, jetzt muss ich das alles genauso machen\u201c, sondern dass Du das Gef\u00fchl hast: <strong data-start=\"1410\" data-end=\"1474\">\u201eIch hab\u2019s verstanden. Ich hab eine Richtung. Ich kann das.\u201c<\/strong><\/p>\t\t\t\t\t\t\t\t<\/div>\n\t\t\t\t<\/div>\n\t\t\t\t\t<\/div>\n\t\t<\/div>\n\t\t\t\t\t<\/div>\n\t\t<\/section>\n\t\t\t\t<section class=\"elementor-section elementor-top-section elementor-element elementor-element-1e9401b elementor-section-stretched elementor-section-boxed elementor-section-height-default elementor-section-height-default elementor-invisible\" data-id=\"1e9401b\" data-element_type=\"section\" data-e-type=\"section\" data-settings=\"{&quot;stretch_section&quot;:&quot;section-stretched&quot;,&quot;background_background&quot;:&quot;gradient&quot;,&quot;animation&quot;:&quot;fadeIn&quot;}\">\n\t\t\t\t\t\t\t<div class=\"elementor-background-overlay\"><\/div>\n\t\t\t\t\t\t\t<div class=\"elementor-container elementor-column-gap-default\">\n\t\t\t\t\t<div class=\"elementor-column elementor-col-100 elementor-top-column elementor-element elementor-element-2bdf1a8\" data-id=\"2bdf1a8\" data-element_type=\"column\" data-e-type=\"column\">\n\t\t\t<div class=\"elementor-widget-wrap elementor-element-populated\">\n\t\t\t\t\t\t<div class=\"elementor-element elementor-element-86741cb elementor-widget elementor-widget-heading\" data-id=\"86741cb\" data-element_type=\"widget\" data-e-type=\"widget\" data-widget_type=\"heading.default\">\n\t\t\t\t<div class=\"elementor-widget-container\">\n\t\t\t\t\t<h2 class=\"elementor-heading-title elementor-size-default\">Herzlich unperfekt wie das Leben, und ein Safespace f\u00fcr Menschen,<br> die sich nicht \u00fcberall gesehen f\u00fchlen.<\/h2>\t\t\t\t<\/div>\n\t\t\t\t<\/div>\n\t\t\t\t<div class=\"elementor-element elementor-element-75ba6c3 elementor-widget__width-initial elementor-widget elementor-widget-text-editor\" data-id=\"75ba6c3\" data-element_type=\"widget\" data-e-type=\"widget\" data-widget_type=\"text-editor.default\">\n\t\t\t\t<div class=\"elementor-widget-container\">\n\t\t\t\t\t\t\t\t\t<p data-start=\"889\" data-end=\"1182\">Ich begleite Eltern rund um Stillen, Beikost und Tragen mit Fachwissen, Herz und einem tiefen Verst\u00e4ndnis f\u00fcr die Herausforderungen, die das Leben mit Kindern mit sich bringt. Dabei ist mir besonders wichtig: <strong data-start=\"741\" data-end=\"840\">Es gibt nicht den einen \u201erichtigen\u201c Weg \u2013 sondern nur den, der zu Dir und Deiner Familie passt.<\/strong><\/p>\t\t\t\t\t\t\t\t<\/div>\n\t\t\t\t<\/div>\n\t\t\t\t<div class=\"elementor-element elementor-element-3b73120 elementor-align-right elementor-widget elementor-widget-button\" data-id=\"3b73120\" data-element_type=\"widget\" data-e-type=\"widget\" data-widget_type=\"button.default\">\n\t\t\t\t<div class=\"elementor-widget-container\">\n\t\t\t\t\t\t\t\t\t<div class=\"elementor-button-wrapper\">\n\t\t\t\t\t<a class=\"elementor-button elementor-button-link elementor-size-sm\" href=\"https:\/\/muckelchen-mainz.de\/?page_id=1060\">\n\t\t\t\t\t\t<span class=\"elementor-button-content-wrapper\">\n\t\t\t\t\t\t\t\t\t<span class=\"elementor-button-text\">Mehr \u00fcber meine Angebote erfahren<\/span>\n\t\t\t\t\t<\/span>\n\t\t\t\t\t<\/a>\n\t\t\t\t<\/div>\n\t\t\t\t\t\t\t\t<\/div>\n\t\t\t\t<\/div>\n\t\t\t\t\t<\/div>\n\t\t<\/div>\n\t\t\t\t\t<\/div>\n\t\t<\/section>\n\t\t\t\t<section class=\"elementor-section elementor-top-section elementor-element elementor-element-a89e137 elementor-section-stretched elementor-reverse-tablet elementor-reverse-mobile elementor-section-boxed elementor-section-height-default elementor-section-height-default elementor-invisible\" data-id=\"a89e137\" data-element_type=\"section\" data-e-type=\"section\" data-settings=\"{&quot;stretch_section&quot;:&quot;section-stretched&quot;,&quot;animation&quot;:&quot;fadeIn&quot;}\">\n\t\t\t\t\t\t<div class=\"elementor-container elementor-column-gap-default\">\n\t\t\t\t\t<div class=\"elementor-column elementor-col-50 elementor-top-column elementor-element elementor-element-564dbd52\" data-id=\"564dbd52\" data-element_type=\"column\" data-e-type=\"column\">\n\t\t\t<div class=\"elementor-widget-wrap elementor-element-populated\">\n\t\t\t\t\t\t<div class=\"elementor-element elementor-element-203765ea elementor-widget elementor-widget-heading\" data-id=\"203765ea\" data-element_type=\"widget\" data-e-type=\"widget\" data-widget_type=\"heading.default\">\n\t\t\t\t<div class=\"elementor-widget-container\">\n\t\t\t\t\t<h2 class=\"elementor-heading-title elementor-size-default\">Warum ich tue, was ich tue<\/h2>\t\t\t\t<\/div>\n\t\t\t\t<\/div>\n\t\t\t\t<div class=\"elementor-element elementor-element-51438025 elementor-widget elementor-widget-text-editor\" data-id=\"51438025\" data-element_type=\"widget\" data-e-type=\"widget\" data-widget_type=\"text-editor.default\">\n\t\t\t\t<div class=\"elementor-widget-container\">\n\t\t\t\t\t\t\t\t\t<p data-start=\"1520\" data-end=\"1738\">Die ersten Monate mit Baby sind eine Achterbahnfahrt. Nichts bleibt, wie es war, und egal, wie viele B\u00fccher man gelesen oder Kurse man besucht hat \u2013 pl\u00f6tzlich ist da dieses kleine Wesen, das sich an keine Regel h\u00e4lt.<\/p><p data-start=\"1740\" data-end=\"1773\">Ich wei\u00df, wie sich das anf\u00fchlt.<\/p><p data-start=\"1775\" data-end=\"2050\">Ich bin nicht nur Beraterin, ich bin auch <strong data-start=\"1817\" data-end=\"1827\">Mutter<\/strong>. Ich habe erlebt, wie <strong data-start=\"1850\" data-end=\"1903\">himmelhochjauchzend und gleichzeitig \u00fcberfordernd<\/strong> diese ersten Monate sein k\u00f6nnen. Ich habe selbst gesucht, gezweifelt, hinterfragt \u2013 und genau deshalb wei\u00df ich heute, was Eltern wirklich hilft.<\/p><p data-start=\"2052\" data-end=\"2306\">Nicht starre Konzepte. Nicht \u201edas eine richtige System\u201c. Sondern <strong data-start=\"2117\" data-end=\"2145\">Wissen, das Dich st\u00e4rkt.<\/strong> Menschen, die Dich verstehen. R\u00e4ume, in denen Du ehrlich sein kannst \u2013 mit all Deinen Fragen, Deinen Unsicherheiten, Deinen eigenen W\u00fcnschen und Bed\u00fcrfnissen.<\/p><p data-start=\"2308\" data-end=\"2350\">Ich bin hier, um Dir genau das zu geben.<\/p>\t\t\t\t\t\t\t\t<\/div>\n\t\t\t\t<\/div>\n\t\t\t\t<div class=\"elementor-element elementor-element-0a00475 elementor-align-left elementor-tablet-align-center elementor-widget elementor-widget-button\" data-id=\"0a00475\" data-element_type=\"widget\" data-e-type=\"widget\" data-widget_type=\"button.default\">\n\t\t\t\t<div class=\"elementor-widget-container\">\n\t\t\t\t\t\t\t\t\t<div class=\"elementor-button-wrapper\">\n\t\t\t\t\t<a class=\"elementor-button elementor-button-link elementor-size-sm elementor-animation-pop\" href=\"https:\/\/muckelchen-mainz.de\/?page_id=1047\">\n\t\t\t\t\t\t<span class=\"elementor-button-content-wrapper\">\n\t\t\t\t\t\t\t\t\t<span class=\"elementor-button-text\">Lass uns ins Gespr\u00e4ch kommen<\/span>\n\t\t\t\t\t<\/span>\n\t\t\t\t\t<\/a>\n\t\t\t\t<\/div>\n\t\t\t\t\t\t\t\t<\/div>\n\t\t\t\t<\/div>\n\t\t\t\t\t<\/div>\n\t\t<\/div>\n\t\t\t\t<div class=\"elementor-column elementor-col-50 elementor-top-column elementor-element elementor-element-6622b1d7\" data-id=\"6622b1d7\" data-element_type=\"column\" data-e-type=\"column\">\n\t\t\t<div class=\"elementor-widget-wrap elementor-element-populated\">\n\t\t\t\t\t\t<div class=\"elementor-element elementor-element-68d25b09 elementor-widget elementor-widget-image\" data-id=\"68d25b09\" data-element_type=\"widget\" data-e-type=\"widget\" data-widget_type=\"image.default\">\n\t\t\t\t<div class=\"elementor-widget-container\">\n\t\t\t\t\t\t\t\t\t\t\t\t\t\t\t<img decoding=\"async\" width=\"800\" height=\"534\" src=\"https:\/\/muckelchen-mainz.de\/wp-content\/uploads\/2025\/03\/0225_0025-1024x683.jpg\" class=\"attachment-large size-large wp-image-1550\" alt=\"\u00dcber mich, Babybauch, schwanger, Trageberatung Stillen Tragen Beikost, Kugelbunt, Schwangerschaftsbeschwerden lindern, Tragen Stillen Beikost Mainz Trageberatung Mainz - Ablauf &amp; Nutzen\" srcset=\"https:\/\/muckelchen-mainz.de\/wp-content\/uploads\/2025\/03\/0225_0025-1024x683.jpg 1024w, https:\/\/muckelchen-mainz.de\/wp-content\/uploads\/2025\/03\/0225_0025-300x200.jpg 300w, https:\/\/muckelchen-mainz.de\/wp-content\/uploads\/2025\/03\/0225_0025-768x512.jpg 768w, https:\/\/muckelchen-mainz.de\/wp-content\/uploads\/2025\/03\/0225_0025-1536x1024.jpg 1536w, https:\/\/muckelchen-mainz.de\/wp-content\/uploads\/2025\/03\/0225_0025-2048x1365.jpg 2048w\" sizes=\"(max-width: 800px) 100vw, 800px\" \/>\t\t\t\t\t\t\t\t\t\t\t\t\t\t\t<\/div>\n\t\t\t\t<\/div>\n\t\t\t\t\t<\/div>\n\t\t<\/div>\n\t\t\t\t\t<\/div>\n\t\t<\/section>\n\t\t\t\t<section class=\"elementor-section elementor-top-section elementor-element elementor-element-9830487 elementor-section-stretched elementor-reverse-tablet elementor-reverse-mobile elementor-section-boxed elementor-section-height-default elementor-section-height-default elementor-invisible\" data-id=\"9830487\" data-element_type=\"section\" data-e-type=\"section\" data-settings=\"{&quot;stretch_section&quot;:&quot;section-stretched&quot;,&quot;animation&quot;:&quot;fadeIn&quot;}\">\n\t\t\t\t\t\t<div class=\"elementor-container elementor-column-gap-default\">\n\t\t\t\t\t<div class=\"elementor-column elementor-col-50 elementor-top-column elementor-element elementor-element-439f50d\" data-id=\"439f50d\" data-element_type=\"column\" data-e-type=\"column\">\n\t\t\t<div class=\"elementor-widget-wrap elementor-element-populated\">\n\t\t\t\t\t\t<div class=\"elementor-element elementor-element-a86cba2 elementor-widget__width-initial elementor-hidden-tablet elementor-widget elementor-widget-image\" data-id=\"a86cba2\" data-element_type=\"widget\" data-e-type=\"widget\" data-widget_type=\"image.default\">\n\t\t\t\t<div class=\"elementor-widget-container\">\n\t\t\t\t\t\t\t\t\t\t\t\t\t\t\t<img decoding=\"async\" width=\"768\" height=\"1152\" src=\"https:\/\/muckelchen-mainz.de\/wp-content\/uploads\/2025\/03\/0225_0010-768x1152.jpg\" class=\"attachment-medium_large size-medium_large wp-image-1551\" alt=\"\u00dcber mich, Stillen, Tragen, Beikost, Stillberatung Mainz, Trageberatung Mainz, Beikost Mainz, Tragen Stillen Beikost Mainz\" srcset=\"https:\/\/muckelchen-mainz.de\/wp-content\/uploads\/2025\/03\/0225_0010-768x1152.jpg 768w, https:\/\/muckelchen-mainz.de\/wp-content\/uploads\/2025\/03\/0225_0010-200x300.jpg 200w, https:\/\/muckelchen-mainz.de\/wp-content\/uploads\/2025\/03\/0225_0010-683x1024.jpg 683w, https:\/\/muckelchen-mainz.de\/wp-content\/uploads\/2025\/03\/0225_0010-1024x1536.jpg 1024w, https:\/\/muckelchen-mainz.de\/wp-content\/uploads\/2025\/03\/0225_0010-1365x2048.jpg 1365w, https:\/\/muckelchen-mainz.de\/wp-content\/uploads\/2025\/03\/0225_0010-scaled.jpg 1707w\" sizes=\"(max-width: 768px) 100vw, 768px\" \/>\t\t\t\t\t\t\t\t\t\t\t\t\t\t\t<\/div>\n\t\t\t\t<\/div>\n\t\t\t\t\t<\/div>\n\t\t<\/div>\n\t\t\t\t<div class=\"elementor-column elementor-col-50 elementor-top-column elementor-element elementor-element-25739db\" data-id=\"25739db\" data-element_type=\"column\" data-e-type=\"column\" data-settings=\"{&quot;background_background&quot;:&quot;classic&quot;}\">\n\t\t\t<div class=\"elementor-widget-wrap elementor-element-populated\">\n\t\t\t\t\t\t<div class=\"elementor-element elementor-element-9ac7c24 elementor-widget__width-initial elementor-widget elementor-widget-heading\" data-id=\"9ac7c24\" data-element_type=\"widget\" data-e-type=\"widget\" data-widget_type=\"heading.default\">\n\t\t\t\t<div class=\"elementor-widget-container\">\n\t\t\t\t\t<h2 class=\"elementor-heading-title elementor-size-default\">Warum Du mir vertrauen kannst<\/h2>\t\t\t\t<\/div>\n\t\t\t\t<\/div>\n\t\t\t\t<div class=\"elementor-element elementor-element-148fe18 elementor-widget elementor-widget-text-editor\" data-id=\"148fe18\" data-element_type=\"widget\" data-e-type=\"widget\" data-widget_type=\"text-editor.default\">\n\t\t\t\t<div class=\"elementor-widget-container\">\n\t\t\t\t\t\t\t\t\t<p data-start=\"2434\" data-end=\"2653\">Ich begleite Eltern nicht nur mit Herz, sondern auch mit fundiertem Wissen. Als<strong> zertifizierte <a href=\"https:\/\/muckelchen-mainz.de\/?page_id=214\" target=\"_blank\" rel=\"noopener\">Trage-<\/a> und Stillberaterin<\/strong> und <a href=\"https:\/\/muckelchen-mainz.de\/?page_id=214\"><strong>Fachkraft f\u00fcr babyfreundliche Beikost<\/strong><\/a> bin ich umfassend ausgebildet und bilde mich laufend fort. Zudem lasse ich mich mindestens einmal im Jahr professionell supervidieren und kann auf ein gro\u00dfes<a href=\"https:\/\/www.stillberatung-wiesbaden.de\/startseite\"><strong> Netzwerk<\/strong><\/a> unterschiedlicher Professionen und Expert*innen zugreifen.<\/p><p data-start=\"2434\" data-end=\"2653\">Bevor ich \u00fcber meine eigene Elternschaft anfing, mich mit Stillen, Beikost und Tragen auseinanderzusetzen, studierte ich <strong>Lehramt<\/strong> und arbeitete eine Weile in der Fachdidaktik. Ich wei\u00df also nicht nur um die Theorie, sondern wei\u00df auch, wie auch Du lernen kannst, was Du k\u00f6nnen und wissen musst. In den vergangenen Jahren konnte ich mein Wissen dar\u00fcber, wie lernen funktioniert, in meiner Beratungsarbeit anwenden und meine Methoden fortlaufend verbessern.<\/p><p data-start=\"2434\" data-end=\"2653\">Du bekommst bei mir also ein <strong>Gesamtpaket aus aktuellem Fachwissen, Empathie und erprobten Methoden<\/strong>, das es m\u00f6glich macht, auch f\u00fcr Dich eine individuelle L\u00f6sung f\u00fcr Deine Fragen und Probleme zu finden.<\/p>\t\t\t\t\t\t\t\t<\/div>\n\t\t\t\t<\/div>\n\t\t\t\t\t<\/div>\n\t\t<\/div>\n\t\t\t\t\t<\/div>\n\t\t<\/section>\n\t\t\t\t<section class=\"elementor-section elementor-top-section elementor-element elementor-element-2b5a66f elementor-section-stretched elementor-reverse-tablet elementor-reverse-mobile elementor-section-boxed elementor-section-height-default elementor-section-height-default elementor-invisible\" data-id=\"2b5a66f\" data-element_type=\"section\" data-e-type=\"section\" data-settings=\"{&quot;stretch_section&quot;:&quot;section-stretched&quot;,&quot;animation&quot;:&quot;fadeIn&quot;}\">\n\t\t\t\t\t\t<div class=\"elementor-container elementor-column-gap-default\">\n\t\t\t\t\t<div class=\"elementor-column elementor-col-50 elementor-top-column elementor-element elementor-element-d09b699\" data-id=\"d09b699\" data-element_type=\"column\" data-e-type=\"column\" data-settings=\"{&quot;background_background&quot;:&quot;classic&quot;}\">\n\t\t\t<div class=\"elementor-widget-wrap elementor-element-populated\">\n\t\t\t\t\t<div class=\"elementor-background-overlay\"><\/div>\n\t\t\t\t\t\t<div class=\"elementor-element elementor-element-728a611 elementor-widget elementor-widget-heading\" data-id=\"728a611\" data-element_type=\"widget\" data-e-type=\"widget\" data-widget_type=\"heading.default\">\n\t\t\t\t<div class=\"elementor-widget-container\">\n\t\t\t\t\t<h2 class=\"elementor-heading-title elementor-size-default\">\u00dcber meine Art zu arbeiten \u2013 flexibel, l\u00f6sungsorientiert, auf Augenh\u00f6he<\/h2>\t\t\t\t<\/div>\n\t\t\t\t<\/div>\n\t\t\t\t<div class=\"elementor-element elementor-element-fbb7bcb elementor-widget elementor-widget-text-editor\" data-id=\"fbb7bcb\" data-element_type=\"widget\" data-e-type=\"widget\" data-widget_type=\"text-editor.default\">\n\t\t\t\t<div class=\"elementor-widget-container\">\n\t\t\t\t\t\t\t\t\t<p data-start=\"2434\" data-end=\"2653\">Mein Beratungsansatz ist so individuell wie die Familien, mit denen ich arbeite. Kein \u201eSchema F\u201c, keine Patentrezepte, sondern\u00a0<span style=\"font-weight: bolder;\" data-start=\"2561\" data-end=\"2650\">echte, gelebte Elternschaft \u2013 mit all ihren Herausforderungen und all ihrer Sch\u00f6nheit<\/span>.<\/p><p data-start=\"2655\" data-end=\"2875\"><span style=\"font-weight: bolder;\" data-start=\"2657\" data-end=\"2685\">Undogmatisch &amp; fundiert:<\/span>\u00a0Ich kenne die aktuellen wissenschaftlichen Erkenntnisse, aber ich wei\u00df auch: Theorie ist das eine, der Alltag mit Baby das andere. Ich helfe Dir, das Beste aus beiden Welten zu verbinden.<\/p><p data-start=\"2877\" data-end=\"3194\"><span style=\"font-weight: bolder;\" data-start=\"2880\" data-end=\"2914\">L\u00f6sungsorientiert &amp; praktisch:<\/span>\u00a0Meine St\u00e4rke ist es, die richtigen Fragen zu stellen \u2013 und die Antworten mit Dir gemeinsam zu finden. Ich will nicht, dass Du nach unserer Beratung mit noch mehr \u201eDas m\u00fcsste ich eigentlich machen\u201c-Gedanken rausgehst, sondern mit handfesten L\u00f6sungen, die f\u00fcr Euch funktionieren.<\/p><p data-start=\"3196\" data-end=\"3474\"><span style=\"font-weight: bolder;\" data-start=\"3199\" data-end=\"3251\">Neurodivergent, queerfreundlich, ein Safe Space:<\/span>\u00a0Mein Beratungsraum ist ein Ort, an dem Du\u00a0<span style=\"font-weight: bolder;\" data-start=\"3294\" data-end=\"3328\">einfach Du selbst sein kannst.<\/span>\u00a0Ohne Erkl\u00e4rungen, ohne Rechtfertigungen. Ich wei\u00df, wie wichtig es ist, sich\u00a0<span style=\"font-weight: bolder;\" data-start=\"3405\" data-end=\"3431\">gesehen und verstanden<\/span>\u00a0zu f\u00fchlen \u2013 und genau das biete ich Dir.<\/p><p data-start=\"3476\" data-end=\"3786\"><span style=\"font-weight: bolder;\" data-start=\"3479\" data-end=\"3513\">Alltagstauglich &amp; realistisch:<\/span>\u00a0Elternschaft ist nicht perfekt. Es gibt Tage, da l\u00e4uft\u2019s. Und es gibt Tage, da l\u00e4uft\u2019s nicht \u2013 sondern liegt in einer Ecke und schreit.\u00a0<span style=\"font-weight: bolder;\" data-start=\"3650\" data-end=\"3712\">Ich erz\u00e4hle Dir keine M\u00e4rchen vom perfekten Familienleben.<\/span>\u00a0Ich helfe Dir, Strategien zu finden, die zu Eurem echten Alltag passen.<\/p>\t\t\t\t\t\t\t\t<\/div>\n\t\t\t\t<\/div>\n\t\t\t\t<div class=\"elementor-element elementor-element-b396bae elementor-widget elementor-widget-button\" data-id=\"b396bae\" data-element_type=\"widget\" data-e-type=\"widget\" data-widget_type=\"button.default\">\n\t\t\t\t<div class=\"elementor-widget-container\">\n\t\t\t\t\t\t\t\t\t<div class=\"elementor-button-wrapper\">\n\t\t\t\t\t<a class=\"elementor-button elementor-button-link elementor-size-sm\" href=\"https:\/\/muckelchen-mainz.de\/?page_id=1026\">\n\t\t\t\t\t\t<span class=\"elementor-button-content-wrapper\">\n\t\t\t\t\t\t\t\t\t<span class=\"elementor-button-text\">Erfahre mehr \u00fcber meine Werte<\/span>\n\t\t\t\t\t<\/span>\n\t\t\t\t\t<\/a>\n\t\t\t\t<\/div>\n\t\t\t\t\t\t\t\t<\/div>\n\t\t\t\t<\/div>\n\t\t\t\t\t<\/div>\n\t\t<\/div>\n\t\t\t\t<div class=\"elementor-column elementor-col-50 elementor-top-column elementor-element elementor-element-b91c986 elementor-hidden-mobile\" data-id=\"b91c986\" data-element_type=\"column\" data-e-type=\"column\">\n\t\t\t<div class=\"elementor-widget-wrap elementor-element-populated\">\n\t\t\t\t\t\t<div class=\"elementor-element elementor-element-2c8d58d elementor-widget-tablet__width-initial elementor-widget elementor-widget-image\" data-id=\"2c8d58d\" data-element_type=\"widget\" data-e-type=\"widget\" data-widget_type=\"image.default\">\n\t\t\t\t<div class=\"elementor-widget-container\">\n\t\t\t\t\t\t\t\t\t\t\t\t\t\t\t<img loading=\"lazy\" decoding=\"async\" width=\"800\" height=\"534\" src=\"https:\/\/muckelchen-mainz.de\/wp-content\/uploads\/2025\/03\/0225_0091-1024x683.jpg\" class=\"attachment-large size-large wp-image-1543\" alt=\"\u00dcber mich, Beratung, Stillberatung, Trageberatung, Mainz, Tragen Stillen Beikost Mainz\" srcset=\"https:\/\/muckelchen-mainz.de\/wp-content\/uploads\/2025\/03\/0225_0091-1024x683.jpg 1024w, https:\/\/muckelchen-mainz.de\/wp-content\/uploads\/2025\/03\/0225_0091-300x200.jpg 300w, https:\/\/muckelchen-mainz.de\/wp-content\/uploads\/2025\/03\/0225_0091-768x512.jpg 768w, https:\/\/muckelchen-mainz.de\/wp-content\/uploads\/2025\/03\/0225_0091-1536x1024.jpg 1536w, https:\/\/muckelchen-mainz.de\/wp-content\/uploads\/2025\/03\/0225_0091-2048x1365.jpg 2048w\" sizes=\"(max-width: 800px) 100vw, 800px\" \/>\t\t\t\t\t\t\t\t\t\t\t\t\t\t\t<\/div>\n\t\t\t\t<\/div>\n\t\t\t\t\t<\/div>\n\t\t<\/div>\n\t\t\t\t\t<\/div>\n\t\t<\/section>\n\t\t\t\t<section class=\"elementor-section elementor-top-section elementor-element elementor-element-648760cd elementor-section-stretched elementor-section-boxed elementor-section-height-default elementor-section-height-default elementor-invisible\" data-id=\"648760cd\" data-element_type=\"section\" data-e-type=\"section\" data-settings=\"{&quot;stretch_section&quot;:&quot;section-stretched&quot;,&quot;background_background&quot;:&quot;classic&quot;,&quot;animation&quot;:&quot;fadeIn&quot;}\">\n\t\t\t\t\t\t<div class=\"elementor-container elementor-column-gap-default\">\n\t\t\t\t\t<div class=\"elementor-column elementor-col-100 elementor-top-column elementor-element elementor-element-5c519665\" data-id=\"5c519665\" data-element_type=\"column\" data-e-type=\"column\" data-settings=\"{&quot;background_background&quot;:&quot;classic&quot;}\">\n\t\t\t<div class=\"elementor-widget-wrap elementor-element-populated\">\n\t\t\t\t\t\t<div class=\"elementor-element elementor-element-6b298339 elementor-widget elementor-widget-heading\" data-id=\"6b298339\" data-element_type=\"widget\" data-e-type=\"widget\" data-widget_type=\"heading.default\">\n\t\t\t\t<div class=\"elementor-widget-container\">\n\t\t\t\t\t<h2 class=\"elementor-heading-title elementor-size-default\">Drei Dinge, die mich ausmachen<\/h2>\t\t\t\t<\/div>\n\t\t\t\t<\/div>\n\t\t\t\t<section class=\"elementor-section elementor-inner-section elementor-element elementor-element-4dad19f2 elementor-section-boxed elementor-section-height-default elementor-section-height-default\" data-id=\"4dad19f2\" data-element_type=\"section\" data-e-type=\"section\">\n\t\t\t\t\t\t<div class=\"elementor-container elementor-column-gap-default\">\n\t\t\t\t\t<div class=\"elementor-column elementor-col-33 elementor-inner-column elementor-element elementor-element-3e02d287\" data-id=\"3e02d287\" data-element_type=\"column\" data-e-type=\"column\">\n\t\t\t<div class=\"elementor-widget-wrap elementor-element-populated\">\n\t\t\t\t\t\t<div class=\"elementor-element elementor-element-39b3fae8 elementor-widget elementor-widget-heading\" data-id=\"39b3fae8\" data-element_type=\"widget\" data-e-type=\"widget\" data-widget_type=\"heading.default\">\n\t\t\t\t<div class=\"elementor-widget-container\">\n\t\t\t\t\t<h2 class=\"elementor-heading-title elementor-size-default\">Ich denke in M\u00f6glichkeiten.<\/h2>\t\t\t\t<\/div>\n\t\t\t\t<\/div>\n\t\t\t\t<div class=\"elementor-element elementor-element-5f392c94 elementor-widget elementor-widget-text-editor\" data-id=\"5f392c94\" data-element_type=\"widget\" data-e-type=\"widget\" data-widget_type=\"text-editor.default\">\n\t\t\t\t<div class=\"elementor-widget-container\">\n\t\t\t\t\t\t\t\t\t<p>Eins meiner gr\u00f6\u00dften Talente: Probleme aus einer neuen Perspektive zu sehen. Ich bin \u00fcberzeugt, dass es f\u00fcr jede Herausforderung eine L\u00f6sung gibt \u2013 man muss sie nur finden.<\/p>\t\t\t\t\t\t\t\t<\/div>\n\t\t\t\t<\/div>\n\t\t\t\t\t<\/div>\n\t\t<\/div>\n\t\t\t\t<div class=\"elementor-column elementor-col-33 elementor-inner-column elementor-element elementor-element-29a42e0f\" data-id=\"29a42e0f\" data-element_type=\"column\" data-e-type=\"column\">\n\t\t\t<div class=\"elementor-widget-wrap elementor-element-populated\">\n\t\t\t\t\t\t<div class=\"elementor-element elementor-element-315a6b28 elementor-widget elementor-widget-heading\" data-id=\"315a6b28\" data-element_type=\"widget\" data-e-type=\"widget\" data-widget_type=\"heading.default\">\n\t\t\t\t<div class=\"elementor-widget-container\">\n\t\t\t\t\t<h2 class=\"elementor-heading-title elementor-size-default\">Ich bin leidenschaftlich \u2013 und ja, manchmal hitzk\u00f6pfig.<\/h2>\t\t\t\t<\/div>\n\t\t\t\t<\/div>\n\t\t\t\t<div class=\"elementor-element elementor-element-324b2d63 elementor-widget elementor-widget-text-editor\" data-id=\"324b2d63\" data-element_type=\"widget\" data-e-type=\"widget\" data-widget_type=\"text-editor.default\">\n\t\t\t\t<div class=\"elementor-widget-container\">\n\t\t\t\t\t\t\t\t\t<p>Wenn mir etwas wichtig ist, dann mit voller \u00dcberzeugung. Ich brenne f\u00fcr meine Themen, und ich werde nicht m\u00fcde, f\u00fcr Eltern und ihre Bed\u00fcrfnisse einzustehen.<\/p>\t\t\t\t\t\t\t\t<\/div>\n\t\t\t\t<\/div>\n\t\t\t\t\t<\/div>\n\t\t<\/div>\n\t\t\t\t<div class=\"elementor-column elementor-col-33 elementor-inner-column elementor-element elementor-element-6a2c196a\" data-id=\"6a2c196a\" data-element_type=\"column\" data-e-type=\"column\">\n\t\t\t<div class=\"elementor-widget-wrap elementor-element-populated\">\n\t\t\t\t\t\t<div class=\"elementor-element elementor-element-5240b620 elementor-widget elementor-widget-heading\" data-id=\"5240b620\" data-element_type=\"widget\" data-e-type=\"widget\" data-widget_type=\"heading.default\">\n\t\t\t\t<div class=\"elementor-widget-container\">\n\t\t\t\t\t<h2 class=\"elementor-heading-title elementor-size-default\">Mein Kopf ist eine Kreativwerkstatt.<\/h2>\t\t\t\t<\/div>\n\t\t\t\t<\/div>\n\t\t\t\t<div class=\"elementor-element elementor-element-54007ca2 elementor-widget elementor-widget-text-editor\" data-id=\"54007ca2\" data-element_type=\"widget\" data-e-type=\"widget\" data-widget_type=\"text-editor.default\">\n\t\t\t\t<div class=\"elementor-widget-container\">\n\t\t\t\t\t\t\t\t\t<p>Ob es um individuelle Beratungen, neue Konzepte oder die perfekte L\u00f6sung f\u00fcr Dein Problem geht \u2013 mein Kopf arbeitet immer. Und zwar nicht in Schubladen, sondern <strong data-start=\"4478\" data-end=\"4496\">frei und bunt.<\/strong><\/p>\t\t\t\t\t\t\t\t<\/div>\n\t\t\t\t<\/div>\n\t\t\t\t\t<\/div>\n\t\t<\/div>\n\t\t\t\t\t<\/div>\n\t\t<\/section>\n\t\t\t\t\t<\/div>\n\t\t<\/div>\n\t\t\t\t\t<\/div>\n\t\t<\/section>\n\t\t\t\t<section class=\"elementor-section elementor-top-section elementor-element elementor-element-482d77f5 elementor-section-stretched elementor-section-boxed elementor-section-height-default elementor-section-height-default elementor-invisible\" data-id=\"482d77f5\" data-element_type=\"section\" data-e-type=\"section\" data-settings=\"{&quot;stretch_section&quot;:&quot;section-stretched&quot;,&quot;animation&quot;:&quot;fadeIn&quot;}\">\n\t\t\t\t\t\t\t<div class=\"elementor-background-overlay\"><\/div>\n\t\t\t\t\t\t\t<div class=\"elementor-container elementor-column-gap-default\">\n\t\t\t\t\t<div class=\"elementor-column elementor-col-50 elementor-top-column elementor-element elementor-element-724cb65f\" data-id=\"724cb65f\" data-element_type=\"column\" data-e-type=\"column\">\n\t\t\t<div class=\"elementor-widget-wrap elementor-element-populated\">\n\t\t\t\t\t\t<div class=\"elementor-element elementor-element-687db504 elementor-widget elementor-widget-heading\" data-id=\"687db504\" data-element_type=\"widget\" data-e-type=\"widget\" data-widget_type=\"heading.default\">\n\t\t\t\t<div class=\"elementor-widget-container\">\n\t\t\t\t\t<h2 class=\"elementor-heading-title elementor-size-default\">Und was ist mit dem Chaos?<\/h2>\t\t\t\t<\/div>\n\t\t\t\t<\/div>\n\t\t\t\t<div class=\"elementor-element elementor-element-71220cb4 elementor-widget elementor-widget-text-editor\" data-id=\"71220cb4\" data-element_type=\"widget\" data-e-type=\"widget\" data-widget_type=\"text-editor.default\">\n\t\t\t\t<div class=\"elementor-widget-container\">\n\t\t\t\t\t\t\t\t\t<p data-start=\"4542\" data-end=\"4779\">Ja, das gibt es. <strong data-start=\"4559\" data-end=\"4659\">Mein Leben ist nicht perfekt, und meine To-Do-Liste verschwindet regelm\u00e4\u00dfig unter Kinderb\u00fcchern.<\/strong> Ich habe zwei wunderbare T\u00f6chter, zwei Katzen, einen Haufen B\u00fccher, ein volles Herz \u2013 und manchmal einen vollen Kopf.<\/p><p data-start=\"4781\" data-end=\"4893\">Ich erz\u00e4hle Dir das, weil ich m\u00f6chte, dass Du wei\u00dft: <strong data-start=\"4834\" data-end=\"4891\">Du musst nicht perfekt sein, um es richtig zu machen.<\/strong><\/p><p data-start=\"4895\" data-end=\"4938\">Und genau das ist der Kern meiner Arbeit.<\/p><p data-start=\"4940\" data-end=\"5177\">Ich will Dir helfen, die Stimmen im Au\u00dfen leiser zu drehen, damit Du Deine eigene h\u00f6ren kannst. Ich will Dir zeigen, dass <strong data-start=\"5062\" data-end=\"5175\">Du keine perfekte Mutter, kein perfekter Vater sein musst \u2013 sondern einfach die beste Version von Dir selbst.<\/strong><\/p><p data-start=\"5179\" data-end=\"5243\">Mit Deiner Art, mit Deinem Tempo, mit Deinem ganz eigenen Weg.<\/p>\t\t\t\t\t\t\t\t<\/div>\n\t\t\t\t<\/div>\n\t\t\t\t\t<\/div>\n\t\t<\/div>\n\t\t\t\t<div class=\"elementor-column elementor-col-50 elementor-top-column elementor-element elementor-element-49636e65\" data-id=\"49636e65\" data-element_type=\"column\" data-e-type=\"column\" data-settings=\"{&quot;background_background&quot;:&quot;classic&quot;}\">\n\t\t\t<div class=\"elementor-widget-wrap elementor-element-populated\">\n\t\t\t\t\t<div class=\"elementor-background-overlay\"><\/div>\n\t\t\t\t\t\t<div class=\"elementor-element elementor-element-30c3e068 elementor-widget__width-initial elementor-widget elementor-widget-image\" data-id=\"30c3e068\" data-element_type=\"widget\" data-e-type=\"widget\" data-widget_type=\"image.default\">\n\t\t\t\t<div class=\"elementor-widget-container\">\n\t\t\t\t\t\t\t\t\t\t\t\t\t\t\t<img decoding=\"async\" width=\"768\" height=\"1152\" src=\"https:\/\/muckelchen-mainz.de\/wp-content\/uploads\/2025\/03\/0225_0010-768x1152.jpg\" class=\"attachment-medium_large size-medium_large wp-image-1551\" alt=\"\u00dcber mich, Stillen, Tragen, Beikost, Stillberatung Mainz, Trageberatung Mainz, Beikost Mainz, Tragen Stillen Beikost Mainz\" srcset=\"https:\/\/muckelchen-mainz.de\/wp-content\/uploads\/2025\/03\/0225_0010-768x1152.jpg 768w, https:\/\/muckelchen-mainz.de\/wp-content\/uploads\/2025\/03\/0225_0010-200x300.jpg 200w, https:\/\/muckelchen-mainz.de\/wp-content\/uploads\/2025\/03\/0225_0010-683x1024.jpg 683w, https:\/\/muckelchen-mainz.de\/wp-content\/uploads\/2025\/03\/0225_0010-1024x1536.jpg 1024w, https:\/\/muckelchen-mainz.de\/wp-content\/uploads\/2025\/03\/0225_0010-1365x2048.jpg 1365w, https:\/\/muckelchen-mainz.de\/wp-content\/uploads\/2025\/03\/0225_0010-scaled.jpg 1707w\" sizes=\"(max-width: 768px) 100vw, 768px\" \/>\t\t\t\t\t\t\t\t\t\t\t\t\t\t\t<\/div>\n\t\t\t\t<\/div>\n\t\t\t\t<div class=\"elementor-element elementor-element-49f62b6 elementor-widget elementor-widget-heading\" data-id=\"49f62b6\" data-element_type=\"widget\" data-e-type=\"widget\" data-widget_type=\"heading.default\">\n\t\t\t\t<div class=\"elementor-widget-container\">\n\t\t\t\t\t<h2 class=\"elementor-heading-title elementor-size-default\"><i>Bist Du bereit f\u00fcr eine Begleitung, in der Du wirklich gesehen wirst?<\/i><\/h2>\t\t\t\t<\/div>\n\t\t\t\t<\/div>\n\t\t\t\t<div class=\"elementor-element elementor-element-c7f1fea elementor-widget elementor-widget-text-editor\" data-id=\"c7f1fea\" data-element_type=\"widget\" data-e-type=\"widget\" data-widget_type=\"text-editor.default\">\n\t\t\t\t<div class=\"elementor-widget-container\">\n\t\t\t\t\t\t\t\t\t<p>Dann lass uns loslegen. Ich freue mich darauf, Dich und Deine Familie auf Eurem Weg zu unterst\u00fctzen!<\/p>\t\t\t\t\t\t\t\t<\/div>\n\t\t\t\t<\/div>\n\t\t\t\t<div class=\"elementor-element elementor-element-da2cad6 elementor-widget__width-initial elementor-widget elementor-widget-image\" data-id=\"da2cad6\" data-element_type=\"widget\" data-e-type=\"widget\" data-widget_type=\"image.default\">\n\t\t\t\t<div class=\"elementor-widget-container\">\n\t\t\t\t\t\t\t\t\t\t\t\t\t\t\t<img loading=\"lazy\" decoding=\"async\" width=\"800\" height=\"400\" src=\"https:\/\/muckelchen-mainz.de\/wp-content\/uploads\/2025\/02\/Alles-Liebe-Anna-2-1024x512.png\" class=\"attachment-large size-large wp-image-1292\" alt=\"Alles Liebe, Anna\" srcset=\"https:\/\/muckelchen-mainz.de\/wp-content\/uploads\/2025\/02\/Alles-Liebe-Anna-2-1024x512.png 1024w, https:\/\/muckelchen-mainz.de\/wp-content\/uploads\/2025\/02\/Alles-Liebe-Anna-2-300x150.png 300w, https:\/\/muckelchen-mainz.de\/wp-content\/uploads\/2025\/02\/Alles-Liebe-Anna-2-768x384.png 768w, https:\/\/muckelchen-mainz.de\/wp-content\/uploads\/2025\/02\/Alles-Liebe-Anna-2.png 1181w\" sizes=\"(max-width: 800px) 100vw, 800px\" \/>\t\t\t\t\t\t\t\t\t\t\t\t\t\t\t<\/div>\n\t\t\t\t<\/div>\n\t\t\t\t\t<\/div>\n\t\t<\/div>\n\t\t\t\t\t<\/div>\n\t\t<\/section>\n\t\t\t\t<section class=\"elementor-section elementor-top-section elementor-element elementor-element-0a8c512 elementor-section-stretched elementor-reverse-tablet elementor-reverse-mobile elementor-section-boxed elementor-section-height-default elementor-section-height-default elementor-invisible\" data-id=\"0a8c512\" data-element_type=\"section\" data-e-type=\"section\" data-settings=\"{&quot;stretch_section&quot;:&quot;section-stretched&quot;,&quot;animation&quot;:&quot;fadeIn&quot;}\">\n\t\t\t\t\t\t\t<div class=\"elementor-background-overlay\"><\/div>\n\t\t\t\t\t\t\t<div class=\"elementor-container elementor-column-gap-default\">\n\t\t\t\t\t<div class=\"elementor-column elementor-col-33 elementor-top-column elementor-element elementor-element-8ce51ce\" data-id=\"8ce51ce\" data-element_type=\"column\" data-e-type=\"column\">\n\t\t\t<div class=\"elementor-widget-wrap elementor-element-populated\">\n\t\t\t\t\t\t<div class=\"elementor-element elementor-element-9ac15b4 elementor-cta--skin-cover elementor-animated-content elementor-widget elementor-widget-call-to-action\" data-id=\"9ac15b4\" data-element_type=\"widget\" data-e-type=\"widget\" data-widget_type=\"call-to-action.default\">\n\t\t\t\t<div class=\"elementor-widget-container\">\n\t\t\t\t\t\t\t<div class=\"elementor-cta\">\n\t\t\t\t\t<div class=\"elementor-cta__bg-wrapper\">\n\t\t\t\t<div class=\"elementor-cta__bg elementor-bg\" style=\"background-image: url();\" role=\"img\" aria-label=\"\"><\/div>\n\t\t\t\t<div class=\"elementor-cta__bg-overlay\"><\/div>\n\t\t\t<\/div>\n\t\t\t\t\t\t\t<div class=\"elementor-cta__content\">\n\t\t\t\t\t\t\t\t\t<div class=\"elementor-content-item elementor-cta__content-item elementor-icon-wrapper elementor-cta__icon elementor-view-default elementor-animated-item--grow\">\n\t\t\t\t\t\t<div class=\"elementor-icon\">\n\t\t\t\t\t\t\t<svg aria-hidden=\"true\" class=\"e-font-icon-svg e-far-envelope\" viewBox=\"0 0 512 512\" xmlns=\"http:\/\/www.w3.org\/2000\/svg\"><path d=\"M464 64H48C21.49 64 0 85.49 0 112v288c0 26.51 21.49 48 48 48h416c26.51 0 48-21.49 48-48V112c0-26.51-21.49-48-48-48zm0 48v40.805c-22.422 18.259-58.168 46.651-134.587 106.49-16.841 13.247-50.201 45.072-73.413 44.701-23.208.375-56.579-31.459-73.413-44.701C106.18 199.465 70.425 171.067 48 152.805V112h416zM48 400V214.398c22.914 18.251 55.409 43.862 104.938 82.646 21.857 17.205 60.134 55.186 103.062 54.955 42.717.231 80.509-37.199 103.053-54.947 49.528-38.783 82.032-64.401 104.947-82.653V400H48z\"><\/path><\/svg>\t\t\t\t\t\t<\/div>\n\t\t\t\t\t<\/div>\n\t\t\t\t\n\t\t\t\t\t\t\t\t\t<h2 class=\"elementor-cta__title elementor-cta__content-item elementor-content-item elementor-animated-item--grow\">\n\t\t\t\t\t\tJetzt Kontakt aufnehmen\t\t\t\t\t<\/h2>\n\t\t\t\t\n\t\t\t\t\n\t\t\t\t\t\t\t\t\t<div class=\"elementor-cta__button-wrapper elementor-cta__content-item elementor-content-item elementor-animated-item--grow\">\n\t\t\t\t\t<a class=\"elementor-cta__button elementor-button elementor-size-\">\n\t\t\t\t\t\tSchreib mir eine Nachricht\t\t\t\t\t<\/a>\n\t\t\t\t\t<\/div>\n\t\t\t\t\t\t\t<\/div>\n\t\t\t\t\t\t<\/div>\n\t\t\t\t\t\t<\/div>\n\t\t\t\t<\/div>\n\t\t\t\t\t<\/div>\n\t\t<\/div>\n\t\t\t\t<div class=\"elementor-column elementor-col-33 elementor-top-column elementor-element elementor-element-397e1ae\" data-id=\"397e1ae\" data-element_type=\"column\" data-e-type=\"column\">\n\t\t\t<div class=\"elementor-widget-wrap elementor-element-populated\">\n\t\t\t\t\t\t<div class=\"elementor-element elementor-element-1eb11b0 elementor-cta--skin-cover elementor-animated-content elementor-widget elementor-widget-call-to-action\" data-id=\"1eb11b0\" data-element_type=\"widget\" data-e-type=\"widget\" data-widget_type=\"call-to-action.default\">\n\t\t\t\t<div class=\"elementor-widget-container\">\n\t\t\t\t\t\t\t<div class=\"elementor-cta\">\n\t\t\t\t\t<div class=\"elementor-cta__bg-wrapper\">\n\t\t\t\t<div class=\"elementor-cta__bg elementor-bg\" style=\"background-image: url();\" role=\"img\" aria-label=\"\"><\/div>\n\t\t\t\t<div class=\"elementor-cta__bg-overlay\"><\/div>\n\t\t\t<\/div>\n\t\t\t\t\t\t\t<div class=\"elementor-cta__content\">\n\t\t\t\t\t\t\t\t\t<div class=\"elementor-content-item elementor-cta__content-item elementor-icon-wrapper elementor-cta__icon elementor-view-default elementor-animated-item--grow\">\n\t\t\t\t\t\t<div class=\"elementor-icon\">\n\t\t\t\t\t\t\t<svg aria-hidden=\"true\" class=\"e-font-icon-svg e-far-calendar-alt\" viewBox=\"0 0 448 512\" xmlns=\"http:\/\/www.w3.org\/2000\/svg\"><path d=\"M148 288h-40c-6.6 0-12-5.4-12-12v-40c0-6.6 5.4-12 12-12h40c6.6 0 12 5.4 12 12v40c0 6.6-5.4 12-12 12zm108-12v-40c0-6.6-5.4-12-12-12h-40c-6.6 0-12 5.4-12 12v40c0 6.6 5.4 12 12 12h40c6.6 0 12-5.4 12-12zm96 0v-40c0-6.6-5.4-12-12-12h-40c-6.6 0-12 5.4-12 12v40c0 6.6 5.4 12 12 12h40c6.6 0 12-5.4 12-12zm-96 96v-40c0-6.6-5.4-12-12-12h-40c-6.6 0-12 5.4-12 12v40c0 6.6 5.4 12 12 12h40c6.6 0 12-5.4 12-12zm-96 0v-40c0-6.6-5.4-12-12-12h-40c-6.6 0-12 5.4-12 12v40c0 6.6 5.4 12 12 12h40c6.6 0 12-5.4 12-12zm192 0v-40c0-6.6-5.4-12-12-12h-40c-6.6 0-12 5.4-12 12v40c0 6.6 5.4 12 12 12h40c6.6 0 12-5.4 12-12zm96-260v352c0 26.5-21.5 48-48 48H48c-26.5 0-48-21.5-48-48V112c0-26.5 21.5-48 48-48h48V12c0-6.6 5.4-12 12-12h40c6.6 0 12 5.4 12 12v52h128V12c0-6.6 5.4-12 12-12h40c6.6 0 12 5.4 12 12v52h48c26.5 0 48 21.5 48 48zm-48 346V160H48v298c0 3.3 2.7 6 6 6h340c3.3 0 6-2.7 6-6z\"><\/path><\/svg>\t\t\t\t\t\t<\/div>\n\t\t\t\t\t<\/div>\n\t\t\t\t\n\t\t\t\t\t\t\t\t\t<h2 class=\"elementor-cta__title elementor-cta__content-item elementor-content-item elementor-animated-item--grow\">\n\t\t\t\t\t\tEinen Termin buchen\t\t\t\t\t<\/h2>\n\t\t\t\t\n\t\t\t\t\n\t\t\t\t\t\t\t\t\t<div class=\"elementor-cta__button-wrapper elementor-cta__content-item elementor-content-item elementor-animated-item--grow\">\n\t\t\t\t\t<a class=\"elementor-cta__button elementor-button elementor-size-\" href=\"https:\/\/calendly.com\/muckelchen-familienbegleitung\/beratungstermin\">\n\t\t\t\t\t\tHier geht's zum Termin\t\t\t\t\t<\/a>\n\t\t\t\t\t<\/div>\n\t\t\t\t\t\t\t<\/div>\n\t\t\t\t\t\t<\/div>\n\t\t\t\t\t\t<\/div>\n\t\t\t\t<\/div>\n\t\t\t\t\t<\/div>\n\t\t<\/div>\n\t\t\t\t<div class=\"elementor-column elementor-col-33 elementor-top-column elementor-element elementor-element-b4db168\" data-id=\"b4db168\" data-element_type=\"column\" data-e-type=\"column\">\n\t\t\t<div class=\"elementor-widget-wrap elementor-element-populated\">\n\t\t\t\t\t\t<div class=\"elementor-element elementor-element-01c15ea elementor-cta--skin-cover elementor-animated-content elementor-widget elementor-widget-call-to-action\" data-id=\"01c15ea\" data-element_type=\"widget\" data-e-type=\"widget\" data-widget_type=\"call-to-action.default\">\n\t\t\t\t<div class=\"elementor-widget-container\">\n\t\t\t\t\t\t\t<div class=\"elementor-cta\">\n\t\t\t\t\t<div class=\"elementor-cta__bg-wrapper\">\n\t\t\t\t<div class=\"elementor-cta__bg elementor-bg\" style=\"background-image: url();\" role=\"img\" aria-label=\"\"><\/div>\n\t\t\t\t<div class=\"elementor-cta__bg-overlay\"><\/div>\n\t\t\t<\/div>\n\t\t\t\t\t\t\t<div class=\"elementor-cta__content\">\n\t\t\t\t\t\t\t\t\t<div class=\"elementor-content-item elementor-cta__content-item elementor-icon-wrapper elementor-cta__icon elementor-view-default elementor-animated-item--grow\">\n\t\t\t\t\t\t<div class=\"elementor-icon\">\n\t\t\t\t\t\t\t<svg aria-hidden=\"true\" class=\"e-font-icon-svg e-far-lightbulb\" viewBox=\"0 0 352 512\" xmlns=\"http:\/\/www.w3.org\/2000\/svg\"><path d=\"M176 80c-52.94 0-96 43.06-96 96 0 8.84 7.16 16 16 16s16-7.16 16-16c0-35.3 28.72-64 64-64 8.84 0 16-7.16 16-16s-7.16-16-16-16zM96.06 459.17c0 3.15.93 6.22 2.68 8.84l24.51 36.84c2.97 4.46 7.97 7.14 13.32 7.14h78.85c5.36 0 10.36-2.68 13.32-7.14l24.51-36.84c1.74-2.62 2.67-5.7 2.68-8.84l.05-43.18H96.02l.04 43.18zM176 0C73.72 0 0 82.97 0 176c0 44.37 16.45 84.85 43.56 115.78 16.64 18.99 42.74 58.8 52.42 92.16v.06h48v-.12c-.01-4.77-.72-9.51-2.15-14.07-5.59-17.81-22.82-64.77-62.17-109.67-20.54-23.43-31.52-53.15-31.61-84.14-.2-73.64 59.67-128 127.95-128 70.58 0 128 57.42 128 128 0 30.97-11.24 60.85-31.65 84.14-39.11 44.61-56.42 91.47-62.1 109.46a47.507 47.507 0 0 0-2.22 14.3v.1h48v-.05c9.68-33.37 35.78-73.18 52.42-92.16C335.55 260.85 352 220.37 352 176 352 78.8 273.2 0 176 0z\"><\/path><\/svg>\t\t\t\t\t\t<\/div>\n\t\t\t\t\t<\/div>\n\t\t\t\t\n\t\t\t\t\t\t\t\t\t<h2 class=\"elementor-cta__title elementor-cta__content-item elementor-content-item elementor-animated-item--grow\">\n\t\t\t\t\t\tNichts mehr verpassen\t\t\t\t\t<\/h2>\n\t\t\t\t\n\t\t\t\t\n\t\t\t\t\t\t\t\t\t<div class=\"elementor-cta__button-wrapper elementor-cta__content-item elementor-content-item elementor-animated-item--grow\">\n\t\t\t\t\t<a class=\"elementor-cta__button elementor-button elementor-size-\">\n\t\t\t\t\t\tZum Newsletter anmelden\t\t\t\t\t<\/a>\n\t\t\t\t\t<\/div>\n\t\t\t\t\t\t\t<\/div>\n\t\t\t\t\t\t<\/div>\n\t\t\t\t\t\t<\/div>\n\t\t\t\t<\/div>\n\t\t\t\t\t<\/div>\n\t\t<\/div>\n\t\t\t\t\t<\/div>\n\t\t<\/section>\n\t\t\t\t<\/div>\n\t\t","protected":false},"excerpt":{"rendered":"<p>Ich begleite Eltern rund um Stillen, Beikost und Tragen mit Fachwissen, Herz und einem tiefen Verst\u00e4ndnis f\u00fcr die Herausforderungen, die das Leben mit Kindern mit sich bringt. Dabei ist mir besonders wichtig: Es gibt nicht den einen \u201erichtigen\u201c Weg \u2013 sondern nur den, der zu Dir und Deiner Familie passt.<\/p>\n","protected":false},"author":2,"featured_media":0,"parent":0,"menu_order":0,"comment_status":"closed","ping_status":"closed","template":"elementor_header_footer","meta":{"footnotes":""},"class_list":["post-1055","page","type-page","status-publish","hentry"],"yoast_head":"<!-- This site is optimized with the Yoast SEO plugin v27.5 - https:\/\/yoast.com\/product\/yoast-seo-wordpress\/ -->\n<title>Tragen Stillen Beikost Mainz-\u00dcber mich Hey, ich bin Anna - Muckelchen - Familienbegleitung Anna Wolf - Trageberatung, Stillberatung, Beikost online<\/title>\n<meta name=\"description\" content=\"\u00dcber mich: Hey, ich bin Anna und ich begleite Eltern mit Fachwissen &amp; Herz rund um Stillen, Tragen und Beikost rund um Mainz und online.\" \/>\n<meta name=\"robots\" content=\"index, follow, max-snippet:-1, max-image-preview:large, max-video-preview:-1\" \/>\n<link rel=\"canonical\" href=\"https:\/\/muckelchen-mainz.de\/?page_id=1055\" \/>\n<meta property=\"og:locale\" content=\"de_DE\" \/>\n<meta property=\"og:type\" content=\"article\" \/>\n<meta property=\"og:title\" content=\"Tragen Stillen Beikost Mainz-\u00dcber mich Hey, ich bin Anna - Muckelchen - Familienbegleitung Anna Wolf - Trageberatung, Stillberatung, Beikost online\" \/>\n<meta property=\"og:description\" content=\"\u00dcber mich: Hey, ich bin Anna und ich begleite Eltern mit Fachwissen &amp; Herz rund um Stillen, Tragen und Beikost rund um Mainz und online.\" \/>\n<meta property=\"og:url\" content=\"https:\/\/muckelchen-mainz.de\/?page_id=1055\" \/>\n<meta property=\"og:site_name\" content=\"Muckelchen - Familienbegleitung Anna Wolf - Trageberatung, Stillberatung, Beikost\" \/>\n<meta property=\"article:publisher\" content=\"https:\/\/www.facebook.com\/muckelchen.familienbegleitung\/\" \/>\n<meta property=\"article:modified_time\" content=\"2025-03-25T08:29:07+00:00\" \/>\n<meta property=\"og:image\" content=\"https:\/\/muckelchen-mainz.de\/wp-content\/uploads\/2025\/03\/0225_0014-682x1024.jpg\" \/>\n<meta name=\"twitter:card\" content=\"summary_large_image\" \/>\n<meta name=\"twitter:label1\" content=\"Gesch\u00e4tzte Lesezeit\" \/>\n\t<meta name=\"twitter:data1\" content=\"7\u00a0Minuten\" \/>\n<script type=\"application\/ld+json\" class=\"yoast-schema-graph\">{\"@context\":\"https:\\\/\\\/schema.org\",\"@graph\":[{\"@type\":\"WebPage\",\"@id\":\"https:\\\/\\\/muckelchen-mainz.de\\\/?page_id=1055\",\"url\":\"https:\\\/\\\/muckelchen-mainz.de\\\/?page_id=1055\",\"name\":\"Tragen Stillen Beikost Mainz-\u00dcber mich Hey, ich bin Anna - Muckelchen - Familienbegleitung Anna Wolf - Trageberatung, Stillberatung, Beikost online\",\"isPartOf\":{\"@id\":\"https:\\\/\\\/muckelchen-mainz.de\\\/#website\"},\"primaryImageOfPage\":{\"@id\":\"https:\\\/\\\/muckelchen-mainz.de\\\/?page_id=1055#primaryimage\"},\"image\":{\"@id\":\"https:\\\/\\\/muckelchen-mainz.de\\\/?page_id=1055#primaryimage\"},\"thumbnailUrl\":\"https:\\\/\\\/muckelchen-mainz.de\\\/wp-content\\\/uploads\\\/2025\\\/03\\\/0225_0014-682x1024.jpg\",\"datePublished\":\"2025-02-14T22:12:19+00:00\",\"dateModified\":\"2025-03-25T08:29:07+00:00\",\"description\":\"\u00dcber mich: Hey, ich bin Anna und ich begleite Eltern mit Fachwissen & Herz rund um Stillen, Tragen und Beikost rund um Mainz und online.\",\"breadcrumb\":{\"@id\":\"https:\\\/\\\/muckelchen-mainz.de\\\/?page_id=1055#breadcrumb\"},\"inLanguage\":\"de\",\"potentialAction\":[{\"@type\":\"ReadAction\",\"target\":[\"https:\\\/\\\/muckelchen-mainz.de\\\/?page_id=1055\"]}]},{\"@type\":\"ImageObject\",\"inLanguage\":\"de\",\"@id\":\"https:\\\/\\\/muckelchen-mainz.de\\\/?page_id=1055#primaryimage\",\"url\":\"https:\\\/\\\/muckelchen-mainz.de\\\/wp-content\\\/uploads\\\/2025\\\/03\\\/0225_0014-scaled.jpg\",\"contentUrl\":\"https:\\\/\\\/muckelchen-mainz.de\\\/wp-content\\\/uploads\\\/2025\\\/03\\\/0225_0014-scaled.jpg\",\"width\":1705,\"height\":2560,\"caption\":\"\u00dcber mich, Stillen Tragen Beikost in Mainz und Umgebung und Online, Tragen Stillen Beikost Mainz\"},{\"@type\":\"BreadcrumbList\",\"@id\":\"https:\\\/\\\/muckelchen-mainz.de\\\/?page_id=1055#breadcrumb\",\"itemListElement\":[{\"@type\":\"ListItem\",\"position\":1,\"name\":\"Startseite\",\"item\":\"https:\\\/\\\/muckelchen-mainz.de\\\/\"},{\"@type\":\"ListItem\",\"position\":2,\"name\":\"Stillberatung Trageberatung Mainz\"}]},{\"@type\":\"WebSite\",\"@id\":\"https:\\\/\\\/muckelchen-mainz.de\\\/#website\",\"url\":\"https:\\\/\\\/muckelchen-mainz.de\\\/\",\"name\":\"Muckelchen - Familienbegleitung Anna Wolf - Trageberatung, Stillberatung, Beikost\",\"description\":\"Stillen - Beikost - Tragen in Mainz und Umgebung\",\"publisher\":{\"@id\":\"https:\\\/\\\/muckelchen-mainz.de\\\/#\\\/schema\\\/person\\\/bb8e784fe848d978f73633c47a2bebc3\"},\"potentialAction\":[{\"@type\":\"SearchAction\",\"target\":{\"@type\":\"EntryPoint\",\"urlTemplate\":\"https:\\\/\\\/muckelchen-mainz.de\\\/?s={search_term_string}\"},\"query-input\":{\"@type\":\"PropertyValueSpecification\",\"valueRequired\":true,\"valueName\":\"search_term_string\"}}],\"inLanguage\":\"de\"},{\"@type\":[\"Person\",\"Organization\"],\"@id\":\"https:\\\/\\\/muckelchen-mainz.de\\\/#\\\/schema\\\/person\\\/bb8e784fe848d978f73633c47a2bebc3\",\"name\":\"Anna Wolf\",\"image\":{\"@type\":\"ImageObject\",\"inLanguage\":\"de\",\"@id\":\"https:\\\/\\\/muckelchen-mainz.de\\\/wp-content\\\/uploads\\\/2025\\\/02\\\/9-1-e1741950541168.png\",\"url\":\"https:\\\/\\\/muckelchen-mainz.de\\\/wp-content\\\/uploads\\\/2025\\\/02\\\/9-1-e1741950541168.png\",\"contentUrl\":\"https:\\\/\\\/muckelchen-mainz.de\\\/wp-content\\\/uploads\\\/2025\\\/02\\\/9-1-e1741950541168.png\",\"width\":445,\"height\":201,\"caption\":\"Anna Wolf\"},\"logo\":{\"@id\":\"https:\\\/\\\/muckelchen-mainz.de\\\/wp-content\\\/uploads\\\/2025\\\/02\\\/9-1-e1741950541168.png\"},\"sameAs\":[\"https:\\\/\\\/muckelchen-mainz.de\",\"https:\\\/\\\/www.facebook.com\\\/muckelchen.familienbegleitung\\\/\",\"https:\\\/\\\/www.instagram.com\\\/muckelchen.familienbegleitung\\\/?hl=de\"]}]}<\/script>\n<!-- \/ Yoast SEO plugin. -->","yoast_head_json":{"title":"Tragen Stillen Beikost Mainz-\u00dcber mich Hey, ich bin Anna - Muckelchen - Familienbegleitung Anna Wolf - Trageberatung, Stillberatung, Beikost online","description":"\u00dcber mich: Hey, ich bin Anna und ich begleite Eltern mit Fachwissen & Herz rund um Stillen, Tragen und Beikost rund um Mainz und online.","robots":{"index":"index","follow":"follow","max-snippet":"max-snippet:-1","max-image-preview":"max-image-preview:large","max-video-preview":"max-video-preview:-1"},"canonical":"https:\/\/muckelchen-mainz.de\/?page_id=1055","og_locale":"de_DE","og_type":"article","og_title":"Tragen Stillen Beikost Mainz-\u00dcber mich Hey, ich bin Anna - Muckelchen - Familienbegleitung Anna Wolf - Trageberatung, Stillberatung, Beikost online","og_description":"\u00dcber mich: Hey, ich bin Anna und ich begleite Eltern mit Fachwissen & Herz rund um Stillen, Tragen und Beikost rund um Mainz und online.","og_url":"https:\/\/muckelchen-mainz.de\/?page_id=1055","og_site_name":"Muckelchen - Familienbegleitung Anna Wolf - Trageberatung, Stillberatung, Beikost","article_publisher":"https:\/\/www.facebook.com\/muckelchen.familienbegleitung\/","article_modified_time":"2025-03-25T08:29:07+00:00","og_image":[{"url":"https:\/\/muckelchen-mainz.de\/wp-content\/uploads\/2025\/03\/0225_0014-682x1024.jpg","type":"","width":"","height":""}],"twitter_card":"summary_large_image","twitter_misc":{"Gesch\u00e4tzte Lesezeit":"7\u00a0Minuten"},"schema":{"@context":"https:\/\/schema.org","@graph":[{"@type":"WebPage","@id":"https:\/\/muckelchen-mainz.de\/?page_id=1055","url":"https:\/\/muckelchen-mainz.de\/?page_id=1055","name":"Tragen Stillen Beikost Mainz-\u00dcber mich Hey, ich bin Anna - Muckelchen - Familienbegleitung Anna Wolf - Trageberatung, Stillberatung, Beikost online","isPartOf":{"@id":"https:\/\/muckelchen-mainz.de\/#website"},"primaryImageOfPage":{"@id":"https:\/\/muckelchen-mainz.de\/?page_id=1055#primaryimage"},"image":{"@id":"https:\/\/muckelchen-mainz.de\/?page_id=1055#primaryimage"},"thumbnailUrl":"https:\/\/muckelchen-mainz.de\/wp-content\/uploads\/2025\/03\/0225_0014-682x1024.jpg","datePublished":"2025-02-14T22:12:19+00:00","dateModified":"2025-03-25T08:29:07+00:00","description":"\u00dcber mich: Hey, ich bin Anna und ich begleite Eltern mit Fachwissen & Herz rund um Stillen, Tragen und Beikost rund um Mainz und online.","breadcrumb":{"@id":"https:\/\/muckelchen-mainz.de\/?page_id=1055#breadcrumb"},"inLanguage":"de","potentialAction":[{"@type":"ReadAction","target":["https:\/\/muckelchen-mainz.de\/?page_id=1055"]}]},{"@type":"ImageObject","inLanguage":"de","@id":"https:\/\/muckelchen-mainz.de\/?page_id=1055#primaryimage","url":"https:\/\/muckelchen-mainz.de\/wp-content\/uploads\/2025\/03\/0225_0014-scaled.jpg","contentUrl":"https:\/\/muckelchen-mainz.de\/wp-content\/uploads\/2025\/03\/0225_0014-scaled.jpg","width":1705,"height":2560,"caption":"\u00dcber mich, Stillen Tragen Beikost in Mainz und Umgebung und Online, Tragen Stillen Beikost Mainz"},{"@type":"BreadcrumbList","@id":"https:\/\/muckelchen-mainz.de\/?page_id=1055#breadcrumb","itemListElement":[{"@type":"ListItem","position":1,"name":"Startseite","item":"https:\/\/muckelchen-mainz.de\/"},{"@type":"ListItem","position":2,"name":"Stillberatung Trageberatung Mainz"}]},{"@type":"WebSite","@id":"https:\/\/muckelchen-mainz.de\/#website","url":"https:\/\/muckelchen-mainz.de\/","name":"Muckelchen - Familienbegleitung Anna Wolf - Trageberatung, Stillberatung, Beikost","description":"Stillen - Beikost - Tragen in Mainz und Umgebung","publisher":{"@id":"https:\/\/muckelchen-mainz.de\/#\/schema\/person\/bb8e784fe848d978f73633c47a2bebc3"},"potentialAction":[{"@type":"SearchAction","target":{"@type":"EntryPoint","urlTemplate":"https:\/\/muckelchen-mainz.de\/?s={search_term_string}"},"query-input":{"@type":"PropertyValueSpecification","valueRequired":true,"valueName":"search_term_string"}}],"inLanguage":"de"},{"@type":["Person","Organization"],"@id":"https:\/\/muckelchen-mainz.de\/#\/schema\/person\/bb8e784fe848d978f73633c47a2bebc3","name":"Anna Wolf","image":{"@type":"ImageObject","inLanguage":"de","@id":"https:\/\/muckelchen-mainz.de\/wp-content\/uploads\/2025\/02\/9-1-e1741950541168.png","url":"https:\/\/muckelchen-mainz.de\/wp-content\/uploads\/2025\/02\/9-1-e1741950541168.png","contentUrl":"https:\/\/muckelchen-mainz.de\/wp-content\/uploads\/2025\/02\/9-1-e1741950541168.png","width":445,"height":201,"caption":"Anna Wolf"},"logo":{"@id":"https:\/\/muckelchen-mainz.de\/wp-content\/uploads\/2025\/02\/9-1-e1741950541168.png"},"sameAs":["https:\/\/muckelchen-mainz.de","https:\/\/www.facebook.com\/muckelchen.familienbegleitung\/","https:\/\/www.instagram.com\/muckelchen.familienbegleitung\/?hl=de"]}]}},"_links":{"self":[{"href":"https:\/\/muckelchen-mainz.de\/index.php?rest_route=\/wp\/v2\/pages\/1055","targetHints":{"allow":["GET"]}}],"collection":[{"href":"https:\/\/muckelchen-mainz.de\/index.php?rest_route=\/wp\/v2\/pages"}],"about":[{"href":"https:\/\/muckelchen-mainz.de\/index.php?rest_route=\/wp\/v2\/types\/page"}],"author":[{"embeddable":true,"href":"https:\/\/muckelchen-mainz.de\/index.php?rest_route=\/wp\/v2\/users\/2"}],"replies":[{"embeddable":true,"href":"https:\/\/muckelchen-mainz.de\/index.php?rest_route=%2Fwp%2Fv2%2Fcomments&post=1055"}],"version-history":[{"count":55,"href":"https:\/\/muckelchen-mainz.de\/index.php?rest_route=\/wp\/v2\/pages\/1055\/revisions"}],"predecessor-version":[{"id":2165,"href":"https:\/\/muckelchen-mainz.de\/index.php?rest_route=\/wp\/v2\/pages\/1055\/revisions\/2165"}],"wp:attachment":[{"href":"https:\/\/muckelchen-mainz.de\/index.php?rest_route=%2Fwp%2Fv2%2Fmedia&parent=1055"}],"curies":[{"name":"wp","href":"https:\/\/api.w.org\/{rel}","templated":true}]}}